{"version":"1.0","provider_name":"Mit Liebe gebastelt","provider_url":"https:\/\/www.xn--krtler-3ya.com\/de","author_name":"admin","author_url":"https:\/\/www.xn--krtler-3ya.com\/de\/author\/youssef","title":"Agir\u00ea J\u00eeyan Bablekan Songtext T\u00fcrkisch - Mit Liebe gebastelt","type":"rich","width":600,"height":338,"html":"<blockquote class=\"wp-embedded-content\" data-secret=\"RGGL2BJFjN\"><a href=\"https:\/\/www.xn--krtler-3ya.com\/de\/agire-jiyan-bablekan-songtext-tuerkisch.html\">Agir\u00ea J\u00eeyan Bablekan Songtext T\u00fcrkisch<\/a><\/blockquote><iframe sandbox=\"allow-scripts\" security=\"restricted\" src=\"https:\/\/www.xn--krtler-3ya.com\/de\/agire-jiyan-bablekan-songtext-tuerkisch.html\/embed#?secret=RGGL2BJFjN\" width=\"600\" height=\"338\" title=\"&#8222;Agir\u00ea J\u00eeyan Bablekan Songtext T\u00fcrkisch&#8220; &#8211; Mit Liebe gebastelt\" data-secret=\"RGGL2BJFjN\" frameborder=\"0\" marginwidth=\"0\" marginheight=\"0\" scrolling=\"no\" class=\"wp-embedded-content\"><\/iframe><script type=\"text\/javascript\">\n\/* <![CDATA[ *\/\n\/*! This file is auto-generated *\/\n!function(d,l){\"use strict\";l.querySelector&&d.addEventListener&&\"undefined\"!=typeof URL&&(d.wp=d.wp||{},d.wp.receiveEmbedMessage||(d.wp.receiveEmbedMessage=function(e){var t=e.data;if((t||t.secret||t.message||t.value)&&!\/[^a-zA-Z0-9]\/.test(t.secret)){for(var s,r,n,a=l.querySelectorAll('iframe[data-secret=\"'+t.secret+'\"]'),o=l.querySelectorAll('blockquote[data-secret=\"'+t.secret+'\"]'),c=new RegExp(\"^https?:$\",\"i\"),i=0;i<o.length;i++)o[i].style.display=\"none\";for(i=0;i<a.length;i++)s=a[i],e.source===s.contentWindow&&(s.removeAttribute(\"style\"),\"height\"===t.message?(1e3<(r=parseInt(t.value,10))?r=1e3:~~r<200&&(r=200),s.height=r):\"link\"===t.message&&(r=new URL(s.getAttribute(\"src\")),n=new URL(t.value),c.test(n.protocol))&&n.host===r.host&&l.activeElement===s&&(d.top.location.href=t.value))}},d.addEventListener(\"message\",d.wp.receiveEmbedMessage,!1),l.addEventListener(\"DOMContentLoaded\",function(){for(var e,t,s=l.querySelectorAll(\"iframe.wp-embedded-content\"),r=0;r<s.length;r++)(t=(e=s[r]).getAttribute(\"data-secret\"))||(t=Math.random().toString(36).substring(2,12),e.src+=\"#?secret=\"+t,e.setAttribute(\"data-secret\",t)),e.contentWindow.postMessage({message:\"ready\",secret:t},\"*\")},!1)))}(window,document);\n\/\/# sourceURL=https:\/\/www.xn--krtler-3ya.com\/wp-includes\/js\/wp-embed.min.js\n\/* ]]> *\/\n<\/script>\n","thumbnail_url":"https:\/\/www.xn--krtler-3ya.com\/wp-content\/uploads\/2021\/06\/bablekan-sozleri.png","thumbnail_width":640,"thumbnail_height":350,"description":"Die beliebte Musikgruppe Agire JiyanBablekan Songtext von Bablekan und seine t\u00fcrkische \u00dcbersetzung Was ist Bablekan? Bablekan ist der Name eines kurdischen Halay. Das Lied Bablekan wurde 2003 von Agire Jiyan mit dem AlbumB\u00eahna Adar\u00ea ver\u00f6ffentlicht. Bablekan Kurdisch Songtext Bablekan\u00ea h\u00ead\u00ee t\u00ea \u015e\u00ear\u00ea sor ti h\u00ead\u00ee t\u00ea Deng\u00ea ji koma el\u00ee t\u00ea Deng\u00ea ji koma \u015f\u00ear\u00een &hellip;"}