{"version":"1.0","provider_name":"Mit Liebe gebastelt","provider_url":"https:\/\/www.xn--krtler-3ya.com\/de","author_name":"admin","author_url":"https:\/\/www.xn--krtler-3ya.com\/de\/author\/youssef","title":"Kurden von Istanbul - Mit Liebe gebastelt","type":"rich","width":600,"height":338,"html":"<blockquote class=\"wp-embedded-content\" data-secret=\"Xj5egJcsFz\"><a href=\"https:\/\/www.xn--krtler-3ya.com\/de\/kurden-von-istanbul.html\">Kurden von Istanbul<\/a><\/blockquote><iframe sandbox=\"allow-scripts\" security=\"restricted\" src=\"https:\/\/www.xn--krtler-3ya.com\/de\/kurden-von-istanbul.html\/embed#?secret=Xj5egJcsFz\" width=\"600\" height=\"338\" title=\"&#8222;Kurden von Istanbul&#8220; &#8211; Mit Liebe gebastelt\" data-secret=\"Xj5egJcsFz\" frameborder=\"0\" marginwidth=\"0\" marginheight=\"0\" scrolling=\"no\" class=\"wp-embedded-content\"><\/iframe><script type=\"text\/javascript\">\n\/* <![CDATA[ *\/\n\/*! This file is auto-generated *\/\n!function(d,l){\"use strict\";l.querySelector&&d.addEventListener&&\"undefined\"!=typeof URL&&(d.wp=d.wp||{},d.wp.receiveEmbedMessage||(d.wp.receiveEmbedMessage=function(e){var t=e.data;if((t||t.secret||t.message||t.value)&&!\/[^a-zA-Z0-9]\/.test(t.secret)){for(var s,r,n,a=l.querySelectorAll('iframe[data-secret=\"'+t.secret+'\"]'),o=l.querySelectorAll('blockquote[data-secret=\"'+t.secret+'\"]'),c=new RegExp(\"^https?:$\",\"i\"),i=0;i<o.length;i++)o[i].style.display=\"none\";for(i=0;i<a.length;i++)s=a[i],e.source===s.contentWindow&&(s.removeAttribute(\"style\"),\"height\"===t.message?(1e3<(r=parseInt(t.value,10))?r=1e3:~~r<200&&(r=200),s.height=r):\"link\"===t.message&&(r=new URL(s.getAttribute(\"src\")),n=new URL(t.value),c.test(n.protocol))&&n.host===r.host&&l.activeElement===s&&(d.top.location.href=t.value))}},d.addEventListener(\"message\",d.wp.receiveEmbedMessage,!1),l.addEventListener(\"DOMContentLoaded\",function(){for(var e,t,s=l.querySelectorAll(\"iframe.wp-embedded-content\"),r=0;r<s.length;r++)(t=(e=s[r]).getAttribute(\"data-secret\"))||(t=Math.random().toString(36).substring(2,12),e.src+=\"#?secret=\"+t,e.setAttribute(\"data-secret\",t)),e.contentWindow.postMessage({message:\"ready\",secret:t},\"*\")},!1)))}(window,document);\n\/\/# sourceURL=https:\/\/www.xn--krtler-3ya.com\/wp-includes\/js\/wp-embed.min.js\n\/* ]]> *\/\n<\/script>\n","thumbnail_url":"https:\/\/www.xn--krtler-3ya.com\/wp-content\/uploads\/2020\/07\/istanbul-kurtleri.jpg","thumbnail_width":650,"thumbnail_height":384,"description":"Es gibt eine dichte kurdische Bev\u00f6lkerung in Istanbul. Die meisten derin Istanbul lebenden Kurden sind aufgrund der Konflikte in der kurdischen Geographie in den 90er Jahren, Avc\u0131lar Eskorte und aus wirtschaftlichen Gr\u00fcnden ausgewandert. Wie hoch ist der kurdische Bev\u00f6lkerungsanteil in Istanbul? Die kurdische Bev\u00f6lkerung in Istanbul bel\u00e4uft sich auf etwa 2 Millionen Europ\u00e4er, was 13 &hellip;"}